{"id":4693,"date":"2013-02-28T09:24:00","date_gmt":"2013-02-28T09:24:00","guid":{"rendered":"http:\/\/www.makivik.org\/cartes-du-nunavik\/"},"modified":"2023-02-24T17:24:15","modified_gmt":"2023-02-24T21:24:15","slug":"cartes-du-nunavik","status":"publish","type":"page","link":"https:\/\/www.makivvik.ca\/fr\/cartes-du-nunavik\/","title":{"rendered":"Cartes du Nunavik"},"content":{"rendered":"<div id=\"post-114\">\n<div>Vous trouverez ici une vari\u00e9t\u00e9 de cartes du Nunavik illustrant les communaut\u00e9s, l\u2019assise territoriale et le Nunavik dans le contexte des autres r\u00e9gions inuites du Canada et de la r\u00e9gion circumpolaire.<\/p>\n<ol>\n<li><a href=\"http:\/\/www.makivvik.ca\/wp-content\/uploads\/2013\/02\/nunavik1.gif\">Carte du Nunavik<\/a><br \/>\nVillages du Nunavik.<\/li>\n<li><a href=\"http:\/\/www.makivvik.ca\/wp-content\/uploads\/2013\/02\/nunavik_1997.gif\">Carte du Nunavik 1997<\/a><br \/>\nVillages du Nunavik.<\/li>\n<li><a title=\"Quebec map\" href=\"http:\/\/www.makivvik.ca\/wp-content\/uploads\/2013\/02\/quebec_map.gif\" target=\"_blank\" rel=\"gallery noopener\">Carte du Quebec<\/a><br \/>\nNunavik au sein du Qu\u00e9bec.<\/li>\n<li><a title=\"La r\u00e9gion circumpolaire et ses peuples 2000\" href=\"http:\/\/www.makivvik.ca\/fr\/wp-content\/uploads\/2010\/11\/circumpolar_region.gif\" target=\"_blank\" rel=\"lightbox=map noopener\">La r\u00e9gion circumpolaire et ses peuples 2000<\/a><\/li>\n<li><a title=\"Nunavik map 2000\" href=\"http:\/\/www.makivvik.ca\/wp-content\/uploads\/2013\/02\/nunavik_map_2000.gif\" target=\"_blank\" rel=\"gallery noopener\">Carte du Nunavik 2000<\/a><br \/>\nParcs et projets de parc au Nunavik.<\/li>\n<li><a title=\"R\u00e9gime des terres au Nunavik et r\u00e9gions revendiqu\u00e9es au large des c\u00f4tes\" href=\"http:\/\/www.makivvik.ca\/fr\/wp-content\/uploads\/2010\/11\/nunavik_land_regime.gif\" target=\"_blank\" rel=\"lightbox=map noopener\">R\u00e9gime des terres au Nunavik et r\u00e9gions revendiqu\u00e9es au large des c\u00f4tes<\/a><br \/>\nTerres des cat\u00e9gories 1 et 2 du Nunavik appartenant aux Inuits et aux Cris de la baie James.<\/li>\n<li><a title=\"Nunavik &amp; Nunavut map\" href=\"http:\/\/www.makivvik.ca\/wp-content\/uploads\/2013\/02\/nunavik_nunavut_map.gif\" target=\"_blank\" rel=\"gallery noopener\">Carte du Nunavik et du Nunavut<\/a><br \/>\nCommunaut\u00e9s du Nunavik et du Nunavut.<\/li>\n<li><a title=\"Carte de localisation du Nunavik\" href=\"http:\/\/www.makivvik.ca\/fr\/wp-content\/uploads\/2010\/11\/location_map_nunavik.gif\" target=\"_blank\" rel=\"lightbox=map noopener\">Carte de localisation du Nunavik<\/a><br \/>\nPopulation par village.<\/li>\n<li><a title=\"Terres des cat\u00e9gories 1 et 2 de Kuujjuaq\" href=\"http:\/\/www.makivvik.ca\/fr\/wp-content\/uploads\/2010\/11\/kuujuuak_category_I_II.gif\" target=\"_blank\" rel=\"lightbox=map noopener\">Terres des cat\u00e9gories 1 et 2 de Kuujjuaq<\/a><br \/>\nR\u00e9gime des terres de Kuujjuaq.<\/li>\n<li><a title=\"Canadian Inuit map\" href=\"http:\/\/www.makivvik.ca\/wp-content\/uploads\/2013\/02\/canadian_inuit_map.gif\" target=\"_blank\" rel=\"gallery noopener\">C<\/a><a title=\"Carte des Inuit au Canada\" href=\"http:\/\/www.makivvik.ca\/fr\/wp-content\/uploads\/2010\/11\/canadian_inuit_map.gif\" target=\"_blank\" rel=\"lightbox=map noopener\">arte des Inuit au Canada<\/a><br \/>\nR\u00e9gions faisant l\u2019objet d\u2019un trait\u00e9 et population.<\/li>\n<li><a title=\"Kuujjuaq: Traditional and Actual Transport Routes\" href=\"http:\/\/www.makivvik.ca\/wp-content\/uploads\/2013\/02\/kuujuuaq_traditional_and_actual.gif\" target=\"_blank\" rel=\"gallery noopener\">K<\/a><a title=\"Kuujjuaq : voies de transport traditionnelles et actuelles\" href=\"http:\/\/www.makivvik.ca\/fr\/wp-content\/uploads\/2010\/11\/kuujuuaq_traditional_and_actual.gif\" target=\"_blank\" rel=\"lightbox=map noopener\">uujjuaq : voies de transport traditionnelles et actuelles<\/a><br \/>\nPistes de tra\u00eeneaux \u00e0 chiens et de motoneiges.<br \/>\nExtrait de la base de donn\u00e9es sur l\u2019utilisation des terres au Nunavik.<\/li>\n<li><a title=\"Carte de l\u2019Am\u00e9rique du Nord\" href=\"http:\/\/www.makivvik.ca\/fr\/wp-content\/uploads\/2010\/11\/northamerica.gif\" target=\"_blank\" rel=\"lightbox=map noopener\">Carte de l\u2019Am\u00e9rique du Nord<\/a><br \/>\nR\u00e9gion o\u00f9 vivent les Inuit canadiens.<\/li>\n<li><a title=\"Carte intitul\u00e9e Bienvenue au Nunavik 1997\" href=\"http:\/\/www.makivvik.ca\/fr\/wp-content\/uploads\/2010\/11\/welcome_to_nunavik.gif\" target=\"_blank\" rel=\"lightbox=map noopener\">Carte intitul\u00e9e Bienvenue au Nunavik 1997<\/a><\/li>\n<li><a title=\"Le Nunavik dans la r\u00e9gion circumpolaire 1996\" href=\"http:\/\/www.makivvik.ca\/fr\/wp-content\/uploads\/2010\/11\/nunavik_circompolar_96.gif\" target=\"_blank\" rel=\"lightbox=map noopener\">Le Nunavik dans la r\u00e9gion circumpolaire 1996<\/a><\/li>\n<li><a title=\"Revendications territoriales du Nunavik 1996\" href=\"http:\/\/www.makivvik.ca\/fr\/wp-content\/uploads\/2010\/11\/nunavik_offshore_claim.gif\" target=\"_blank\" rel=\"lightbox=map noopener\">Revendications territoriales du Nunavik 1996<\/a><\/li>\n<li><a title=\"Communaut\u00e9s du Nunavik 1996\" href=\"http:\/\/www.makivvik.ca\/fr\/wp-content\/uploads\/2010\/11\/nunavik_communities_961.gif\" target=\"_blank\" rel=\"lightbox=map noopener\">Communaut\u00e9s du Nunavik 1996<\/a><\/li>\n<\/ol>\n<\/div>\n<\/div>\n","protected":false},"excerpt":{"rendered":"<p>Vous trouverez ici une vari\u00e9t\u00e9 de cartes du Nunavik illustrant les communaut\u00e9s, l\u2019assise territoriale et le Nunavik dans le contexte des autres r\u00e9gions inuites du Canada<span class=\"excerpt-hellip\"> [\u2026]<\/span><\/p>\n","protected":false},"author":9,"featured_media":0,"parent":0,"menu_order":0,"comment_status":"closed","ping_status":"closed","template":"","meta":{"_acf_changed":false,"footnotes":""},"class_list":["post-4693","page","type-page","status-publish","hentry"],"acf":[],"jetpack_shortlink":"https:\/\/wp.me\/P7v1Zk-1dH","jetpack_sharing_enabled":true,"_links":{"self":[{"href":"https:\/\/www.makivvik.ca\/fr\/wp-json\/wp\/v2\/pages\/4693","targetHints":{"allow":["GET"]}}],"collection":[{"href":"https:\/\/www.makivvik.ca\/fr\/wp-json\/wp\/v2\/pages"}],"about":[{"href":"https:\/\/www.makivvik.ca\/fr\/wp-json\/wp\/v2\/types\/page"}],"author":[{"embeddable":true,"href":"https:\/\/www.makivvik.ca\/fr\/wp-json\/wp\/v2\/users\/9"}],"replies":[{"embeddable":true,"href":"https:\/\/www.makivvik.ca\/fr\/wp-json\/wp\/v2\/comments?post=4693"}],"version-history":[{"count":19,"href":"https:\/\/www.makivvik.ca\/fr\/wp-json\/wp\/v2\/pages\/4693\/revisions"}],"predecessor-version":[{"id":15615,"href":"https:\/\/www.makivvik.ca\/fr\/wp-json\/wp\/v2\/pages\/4693\/revisions\/15615"}],"wp:attachment":[{"href":"https:\/\/www.makivvik.ca\/fr\/wp-json\/wp\/v2\/media?parent=4693"}],"curies":[{"name":"wp","href":"https:\/\/api.w.org\/{rel}","templated":true}]}}